{"id":3583,"date":"2022-10-26T08:15:32","date_gmt":"2022-10-26T11:15:32","guid":{"rendered":"https:\/\/www.djamilaribeiro.com.br\/biographie\/"},"modified":"2026-03-02T20:18:04","modified_gmt":"2026-03-02T23:18:04","slug":"biographie","status":"publish","type":"page","link":"https:\/\/www.djamilaribeiro.com.br\/fr\/biographie\/","title":{"rendered":"biographie"},"content":{"rendered":"<p><span class=\"subtitulo\">Introduction<\/span><\/p>\n<p>La trajectoire intellectuelle et publique de Djamila Ribeiro s\u2019enracine profond\u00e9ment dans des exp\u00e9riences formatrices qui articulent pens\u00e9e critique, conscience politique, action collective et vie culturelle. Fille du docker syndicaliste Joaquim Ribeiro dos Santos et de la travailleuse domestique Erani Ribeiro dos Santos, elle est la benjamine d\u2019une fratrie de quatre enfants et a grandi dans un environnement marqu\u00e9 \u00e0 la fois par l\u2019engagement politique et par le soin quotidien.<\/p>\n<p>C\u2019est avec son p\u00e8re qu\u2019elle a appris \u00e0 jouer aux \u00e9checs et, surtout, \u00e0 comprendre l\u2019importance de l\u2019\u00e9ducation, de la lecture et de la formation de la conscience politique comme outils de transformation sociale. De sa m\u00e8re, elle a re\u00e7u le soutien qui a port\u00e9 toute la vie domestique de la famille et, d\u00e8s l\u2019enfance, \u00e0 l\u2019\u00e2ge de huit ans, elle a \u00e9t\u00e9 initi\u00e9e au candombl\u00e9, une exp\u00e9rience qui deviendra centrale dans sa formation \u00e9thique, spirituelle et intellectuelle.<\/p>\n<p>Djamila a \u00e9tudi\u00e9 au Col\u00e9gio Moderno dos Estivadores et, tr\u00e8s t\u00f4t, a suivi des cours d\u2019anglais, \u00e9largissant ainsi son acc\u00e8s \u00e0 des r\u00e9pertoires culturels et intellectuels qui traverseront plus tard sa production acad\u00e9mique et essayistique.<\/p>\n<p>Encore jeune, \u00e0 Santos (SP), Djamila a eu un contact d\u00e9cisif avec des autrices noires et avec la tradition du f\u00e9minisme noir br\u00e9silien en fr\u00e9quentant, \u00e0 partir de 1999, la Casa de Cultura da Mulher Negra de Santos \u2014 espace historique d\u2019organisation politique, de production de savoir et de formation culturelle, alors dirig\u00e9 par la po\u00e9tesse et militante Dona Alzira Rufino.<\/p>\n<p>Dans les ann\u00e9es 2000, Djamila a travaill\u00e9 comme enseignante dans le r\u00e9seau des cours pr\u00e9paratoires populaires d\u2019Educafro, accompagnant la formation de jeunes issus des p\u00e9riph\u00e9ries de la Baixada Santista et approfondissant son engagement dans l\u2019\u00e9ducation populaire.<\/p>\n<p>En 2008, \u00e0 l\u2019\u00e2ge de 27 ans, elle est entr\u00e9e en licence de philosophie \u00e0 l\u2019Universit\u00e9 f\u00e9d\u00e9rale de S\u00e3o Paulo (Unifesp), inaugurant un parcours acad\u00e9mique qui, d\u00e8s le d\u00e9part, dialogue de mani\u00e8re organique avec son exp\u00e9rience militante, p\u00e9dagogique et intellectuelle, toujours orient\u00e9e vers la d\u00e9mocratisation de l\u2019acc\u00e8s au savoir. Djamila a obtenu sa licence et, en 2015, le titre de master en philosophie politique. L\u2019ann\u00e9e suivante, en 2016, elle a assum\u00e9 la fonction de secr\u00e9taire adjointe aux Droits humains de la ville de S\u00e3o Paulo, poste qu\u2019elle a occup\u00e9 jusqu\u2019\u00e0 la fin de cette administration, participant \u00e0 l\u2019\u00e9laboration et \u00e0 la mise en \u0153uvre de politiques publiques destin\u00e9es \u00e0 promouvoir les droits et \u00e0 r\u00e9duire les in\u00e9galit\u00e9s.<\/p>\n<p>En novembre 2017, elle a lanc\u00e9 \u00e0 S\u00e3o Paulo et \u00e0 Rio de Janeiro le livre O que \u00e9 Lugar de Fala ? \u2014 \u0153uvre qui prendra par la suite le titre Lugar de Fala. Les \u00e9v\u00e9nements de lancement ont r\u00e9uni des milliers de personnes d\u00e8s les premi\u00e8res pr\u00e9sentations. \u00c0 Rio de Janeiro, plus de trois mille personnes \u00e9taient pr\u00e9sentes et la rue Moraes e Vale a d\u00fb \u00eatre ferm\u00e9e en raison de l\u2019ampleur du public. Dans le Minas Gerais, lors de la troisi\u00e8me pr\u00e9sentation du livre, organis\u00e9e au Sesc Palladium \u00e0 Belo Horizonte, Djamila a battu le record d\u2019affluence de l\u2019auditorium \u2014 record toujours in\u00e9gal\u00e9 \u00e0 ce jour.<\/p>\n<p>\u00c0 partir de ce jalon, le pr\u00e9sent m\u00e9morial d\u00e9taille la consolidation de sa trajectoire en tant qu\u2019intellectuelle publique, autrice, professeure, \u00e9ditrice et conceptrice de projets culturels, \u00e9ducatifs et institutionnels d\u2019envergure nationale et internationale.<\/p>\n<p><span class=\"subtitulo\">Djamila Ribeiro et la France<\/span><\/p>\n<p>La France a \u00e9t\u00e9 le premier pays \u00e0 traduire et \u00e0 publier l\u2019\u0153uvre de Djamila Ribeiro, par l\u2019interm\u00e9diaire des \u00c9ditions Anacaona, maison d\u2019\u00e9dition fond\u00e9e et dirig\u00e9e par Paula Anacaona. Djamila et Anacaona ont \u00e9tabli un partenariat de travail solide et innovant. \u00c0 travers des tourn\u00e9es litt\u00e9raires et des d\u00e9placements en France et \u00e0 Bruxelles (Belgique) \u00e0 l\u2019occasion de lancements, plus de 15 000 exemplaires de ses livres ont \u00e9t\u00e9 vendus.<\/p>\n<p>En 2019, Djamila Ribeiro a \u00e9t\u00e9 invit\u00e9e par le gouvernement fran\u00e7ais \u00e0 participer au programme \u00ab Personnalit\u00e9 de demain \u00bb. \u00c0 cette occasion, elle a \u00e9t\u00e9 re\u00e7ue au Palais de l\u2019\u00c9lys\u00e9e par le pr\u00e9sident Emmanuel Macron, ainsi que par des autorit\u00e9s du pouvoir l\u00e9gislatif et du Parlement europ\u00e9en \u00e0 Strasbourg.<\/p>\n<p>Apr\u00e8s la publication de sa premi\u00e8re traduction, cette m\u00eame ann\u00e9e, Djamila a particip\u00e9 \u00e0 des \u00e9v\u00e9nements litt\u00e9raires dans des librairies et des centres culturels \u00e0 guichets ferm\u00e9s \u00e0 Paris, Lyon, Lille, Rennes, Montpellier, Toulouse et Marseille. Toujours en 2019, lors d\u2019une seconde tourn\u00e9e de lancement, elle a rencontr\u00e9 Nadia Yala Kisukidi, alors professeure de philosophie \u00e0 l\u2019Universit\u00e9 Paris 8. Les deux sont devenues partenaires intellectuelles, et leurs \u00e9changes ont \u00e9t\u00e9 enregistr\u00e9s puis transcrits dans le cadre d\u2019un projet litt\u00e9raire. Avec la pand\u00e9mie, ces rencontres se sont poursuivies en ligne jusqu\u2019\u00e0 la publication, en 2021, du livre Dialogues transatlantiques, disponible exclusivement en fran\u00e7ais.<\/p>\n<p>Djamila est revenue \u00e0 plusieurs reprises en France pour des lancements et des tourn\u00e9es litt\u00e9raires. En 2023, \u00e0 Bras\u00edlia, elle a re\u00e7u la distinction du Prix franco-allemand des droits de l\u2019homme des mains du ministre d\u00e9l\u00e9gu\u00e9 fran\u00e7ais Olivier Becht. Cette m\u00eame ann\u00e9e, elle a accueilli dans son institut la ministre fran\u00e7aise des Affaires \u00e9trang\u00e8res de l\u2019\u00e9poque, Mme Catherine Colonna, qui lui a offert une copie du manuscrit du Deuxi\u00e8me Sexe de Simone de Beauvoir.<\/p>\n<p>En 2024, lors de la visite du pr\u00e9sident Emmanuel Macron \u00e0 S\u00e3o Paulo, Djamila Ribeiro a \u00e9t\u00e9 l\u2019une des invit\u00e9es convi\u00e9es \u00e0 un d\u00eener officiel avec le pr\u00e9sident.<\/p>\n<p>En 2025, dans le cadre de l\u2019Ann\u00e9e culturelle Br\u00e9sil-France, Djamila a ouvert le Festival litt\u00e9raire de Saint-Malo \u2014 le plus grand festival litt\u00e9raire de France \u2014 devant un public de plus de 1 200 personnes. Au fil des ann\u00e9es, elle est \u00e9galement intervenue \u00e0 Lyon, Toulouse, Montpellier, Lille, Rennes et Marseille.<\/p>\n<p>Les titres suivants ont \u00e9t\u00e9 publi\u00e9s en fran\u00e7ais : La place de la parole noire (Lugar de Fala), Chroniques sur le f\u00e9minisme noir (Quem Tem Medo do Feminismo Negro ?), Petit manuel antiraciste et f\u00e9ministe (Pequeno Manual Antirracista) et Ta magie m\u2019a men\u00e9e jusqu\u2019ici \u2013 Lettres \u00e0 ma grand-m\u00e8re (Cartas para Minha Av\u00f3). Djamila a \u00e9galement contribu\u00e9 avec un essai sur la maternit\u00e9 et le candombl\u00e9 \u00e0 Gagner le monde (\u00c9ditions La Fabrique), un ouvrage collectif r\u00e9unissant des textes de f\u00e9ministes de diff\u00e9rents pays et traduit en plusieurs langues.<\/p>\n<p>Djamila a r\u00e9alis\u00e9 trois tourn\u00e9es litt\u00e9raires en France, participant \u00e0 des d\u00e9bats, des lancements et des rencontres acad\u00e9miques aux c\u00f4t\u00e9s d\u2019intellectuelles telles que Fran\u00e7oise Verg\u00e8s, Maboula Soumahoro, Mame-Fatou Niang et Aur\u00e9lie Kn\u00fcfer, entre autres.<\/p>\n<p><span class=\"subtitulo\">Une trajectoire intellectuelle transnationale<\/span><\/p>\n<p>Durant ses \u00e9tudes de licence, Djamila Ribeiro a pr\u00e9sent\u00e9 des travaux lors de congr\u00e8s de la Simone de Beauvoir Society, d\u00e9di\u00e9e \u00e0 la pens\u00e9e de la philosophe fran\u00e7aise. Elle est intervenue \u00e0 deux conf\u00e9rences aux \u00c9tats-Unis : dans l\u2019Oregon en 2011 et \u00e0 Saint Louis en 2014, alors qu\u2019elle \u00e9tait \u00e9tudiante en master.<\/p>\n<p>\u00c0 partir de la publication de ses \u0153uvres au Br\u00e9sil, elle a donn\u00e9 des conf\u00e9rences dans des dizaines d\u2019universit\u00e9s \u00e0 travers le monde, notamment \u00e0 Berkeley, Duke, Columbia, Harvard et Yale aux \u00c9tats-Unis ; au King\u2019s College, \u00e0 la London School of Economics et \u00e0 Oxford au Royaume-Uni ; dans des universit\u00e9s fran\u00e7aises telles que Lyon 3, Toulouse et Rennes 2 ; ainsi que dans d\u2019autres institutions europ\u00e9ennes, comme \u00e0 Aarhus, Oslo et Amsterdam, entre autres.<\/p>\n<p>En 2018, elle a \u00e9t\u00e9 s\u00e9lectionn\u00e9e pour la \u00ab Chaire Angela Davis pour professeurs invit\u00e9s \u00bb \u00e0 l\u2019Universit\u00e9 Goethe (Allemagne), o\u00f9 elle a pass\u00e9 une semaine \u00e0 rencontrer des enseignants et \u00e0 donner des cours aux \u00e9tudiants. En 2019, elle a \u00e9t\u00e9 chercheuse au Maxcy College, \u00e0 l\u2019invitation de l\u2019University of South Carolina, et en 2021 chercheuse invit\u00e9e \u00e0 l\u2019Universit\u00e9 de Mayence (Allemagne). Elle a \u00e9galement particip\u00e9 \u00e0 des foires du livre telles que Francfort, Berlin, \u00c9dimbourg, Nairobi, Bogot\u00e1, Bruxelles et Arequipa, entre autres. Djamila est aussi intervenue dans des espaces institutionnels comme l\u2019UNESCO, la Banque mondiale et des parlements de pays \u00e9trangers.<\/p>\n<p>En 2023, elle a \u00e9t\u00e9 keynote speaker \u00e0 l\u2019Assembl\u00e9e g\u00e9n\u00e9rale des Nations unies, \u00e0 l\u2019occasion de la Journ\u00e9e internationale du souvenir de l\u2019abolition de l\u2019esclavage et de la traite transatlantique des personnes r\u00e9duites en esclavage, avec la conf\u00e9rence \u00ab Lutter contre l\u2019h\u00e9ritage esclavagiste du racisme par une \u00e9ducation transformatrice \u00bb. La m\u00eame ann\u00e9e, en participant \u00e0 la programmation des Jardins d\u2019\u00c9t\u00e9 de la Fondation Gulbenkian, elle a battu un record d\u2019affluence : des salles suppl\u00e9mentaires ont \u00e9t\u00e9 ouvertes et des personnes ont d\u00fb assister \u00e0 l\u2019\u00e9v\u00e9nement assises dans le jardin.<\/p>\n<p>S\u2019agissant d\u2019agendas officiels, en octobre 2017, elle a pass\u00e9 une semaine en Norv\u00e8ge \u00e0 l\u2019invitation du gouvernement, afin de conna\u00eetre et dialoguer avec les politiques publiques norv\u00e9giennes. En 2018, \u00e0 l\u2019invitation de l\u2019office du tourisme d\u2019Afrique du Sud, elle a s\u00e9journ\u00e9 une semaine dans le pays pour parcourir la route de Nelson Mandela et, la m\u00eame ann\u00e9e, elle a \u00e9t\u00e9 distingu\u00e9e au Most Influential People of African Descent (MIPAD), initiative li\u00e9e \u00e0 l\u2019ONU. En mars 2019, elle a \u00e9t\u00e9 s\u00e9lectionn\u00e9e pour le programme \u00ab Personnalit\u00e9 de demain \u00bb du gouvernement fran\u00e7ais, qui choisit une personne par pays pour une semaine d\u2019agendas officiels.<\/p>\n<p>En 2019, elle a \u00e9t\u00e9 d\u00e9sign\u00e9e par la BBC comme l\u2019une des 100 femmes les plus influentes du monde et, \u00e0 la fin de l\u2019ann\u00e9e, elle a re\u00e7u le Prince Claus Award, d\u00e9cern\u00e9 par le Royaume des Pays-Bas, en reconnaissance de son travail de d\u00e9mocratisation de la lecture et de son action en tant qu\u2019intellectuelle publique.<\/p>\n<p>En 2020, elle a particip\u00e9 \u00e0 une r\u00e9sidence litt\u00e9raire au Literarisches Colloquium Berlin (LCB), o\u00f9 elle a r\u00e9dig\u00e9 un article sous la direction de Natasha Kelly pour un ouvrage publi\u00e9 en plusieurs langues. En 2021, elle a pris la parole au Bundestag, \u00e0 l\u2019invitation de Claudia Roth, alors vice-pr\u00e9sidente du Parlement allemand. En 2023, elle a rencontr\u00e9 \u00e0 S\u00e3o Paulo la ministre allemande des Affaires \u00e9trang\u00e8res de l\u2019\u00e9poque, Annalena Baerbock.<\/p>\n<p>Elle a \u00e9t\u00e9 invit\u00e9e principale du Verbier Art Summit (Suisse) en 2020. En 2021, elle a \u00e9t\u00e9 invit\u00e9e \u00e0 la programmation de la Biennale de Gwangju (Cor\u00e9e du Sud), signant notamment un article pour le catalogue de l\u2019exposition, et a \u00e9galement \u00e9t\u00e9 l\u2019\u00e9crivaine honor\u00e9e de la Foire du livre de Lima (P\u00e9rou). La m\u00eame ann\u00e9e, elle est devenue la premi\u00e8re Br\u00e9silienne \u00e0 recevoir un BET Award, d\u00e9cern\u00e9 par la communaut\u00e9 noire des \u00c9tats-Unis, dans la cat\u00e9gorie Global Good, pour l\u2019impact social de son travail.<\/p>\n<p>Elle a fait la couverture et donn\u00e9 des interviews \u00e0 des m\u00e9dias internationaux tels que le portugais Expresso, l\u2019allemand taz, les italiens L\u2019Espresso, Il Manifesto et Corriere della Sera, le n\u00e9erlandais NRC, le fran\u00e7ais Lib\u00e9ration, le britannique The Guardian et l\u2019am\u00e9ricain The New York Times, ainsi qu\u2019\u00e0 des agences comme Reuters et AFP. Elle a particip\u00e9 \u00e0 des programmes et interviews sur RTP, RTP \u00c1frica, CGTN, BBC, France 24, TV5 Monde et Al Jazeera. Au second semestre 2021, elle a tenu une chronique mensuelle dans le magazine allemand Der Spiegel et publi\u00e9 des tribunes dans des journaux tels que El Pa\u00eds Argentina et Il Manifesto.<\/p>\n<p>\u00c0 la fin de l\u2019ann\u00e9e 2023, elle s\u2019est rendue \u00e0 Washington en tant qu\u2019invit\u00e9e d\u2019honneur du gala de l\u2019initiative Inter-American Dialogue, organis\u00e9 au si\u00e8ge de l\u2019Organisation des \u00c9tats am\u00e9ricains (OEA).<\/p>\n<p><span class=\"subtitulo\">Action corporative<\/span><\/p>\n<p>Depuis 2017, Djamila est une pr\u00e9sence marquante dans les congr\u00e8s d\u2019affaires et les associations professionnelles. La reconnaissance publique de son travail \u2014 ainsi que sa cr\u00e9dibilit\u00e9 et son approche didactique \u2014 a rapidement \u00e9t\u00e9 per\u00e7ue par des marques d\u00e9sireuses de renforcer leurs politiques et leurs \u00e9quipes en mati\u00e8re de diversit\u00e9.<\/p>\n<p>En 2020, \u00e0 la demande du Comit\u00e9 olympique br\u00e9silien, elle a con\u00e7u le cours \u00ab Esporte antirracista: todo mundo sai ganhando \u00bb (\u00ab Sport antiraciste : tout le monde y gagne \u00bb), destin\u00e9 \u00e0 la d\u00e9l\u00e9gation olympique br\u00e9silienne pour les Jeux de Tokyo. La formation \u00e9tait obligatoire pour les athl\u00e8tes, le staff technique et les dirigeant\u00b7e\u00b7s des conf\u00e9d\u00e9rations. L\u2019initiative a re\u00e7u le soutien de l\u2019UNESCO et a ensuite \u00e9t\u00e9 export\u00e9e vers des d\u00e9l\u00e9gations olympiques d\u2019autres pays.<\/p>\n<p>Djamila coordonne des projets de conseil aupr\u00e8s de grandes entreprises, portant sur des produits et des strat\u00e9gies institutionnelles. En partenariat avec des cabinets d\u2019avocats, elle participe \u00e9galement \u00e0 des \u00e9quipes ESG charg\u00e9es d\u2019\u00e9valuer les politiques de diversit\u00e9 au sein des organisations. En 2021, elle a int\u00e9gr\u00e9 le conseil international de la diversit\u00e9 de L\u2019Or\u00e9al, \u00e0 Paris, fonction qu\u2019elle a exerc\u00e9e jusqu\u2019en 2023.<\/p>\n<p>En 2022, \u00e0 l\u2019invitation de YouTube, elle a produit \u2014 avec le soutien de l\u2019Association br\u00e9silienne de journalisme d\u2019investigation (Abraji) \u2014 le cours \u00ab Jornalismo Contra-Hegem\u00f4nico: reflex\u00f5es para um novo presente \u00bb (\u00ab Journalisme contre-h\u00e9g\u00e9monique : r\u00e9flexions pour un nouveau pr\u00e9sent \u00bb), bas\u00e9 sur un enseignement qu\u2019elle avait dispens\u00e9 \u00e0 la PUC-SP et \u00e0 la PUC-RS. En un mois seulement, le cours a cumul\u00e9 plus de 3 000 heures de visionnage et a \u00e9t\u00e9 adopt\u00e9 dans des cursus universitaires en Communication.<\/p>\n<p>Au fil de son parcours, elle a men\u00e9 des campagnes publicitaires cibl\u00e9es et des initiatives de marque. Fin 2018, elle a travaill\u00e9 sur une mission de conseil et une campagne pour Avon. En 2019, \u00e0 l\u2019invitation de The Body Shop, elle s\u2019est rendue \u00e0 Tamale (Ghana) pour visiter des communaut\u00e9s productrices de beurre de karit\u00e9. En 2021, elle a lanc\u00e9 une ligne exclusive de rouges \u00e0 l\u00e8vres avec la marque Quem disse Berenice?. Une partie de ses honoraires a \u00e9t\u00e9 revers\u00e9e \u00e0 l\u2019association Mulheres da Luz, qui soutient des femmes en situation de prostitution \u00e0 S\u00e3o Paulo, ainsi qu\u2019au Coletivo Neusa Santos, engag\u00e9 dans le soutien au maintien des \u00e9tudiant\u00b7e\u00b7s noir\u00b7e\u00b7s en master et doctorat \u00e0 la PUC.<\/p>\n<p>Entre 2020 et 2025, elle a \u00e9t\u00e9 ambassadrice de Johnnie Walker au Br\u00e9sil, participant \u00e0 la conception, au d\u00e9veloppement et \u00e0 la direction publique de campagnes institutionnelles et publicitaires. Dans le cadre de ce partenariat, en 2025, l\u2019entreprise a soutenu le Pina Ball, le gala de la Pinacoth\u00e8que de S\u00e3o Paulo pr\u00e9sid\u00e9 par Djamila, accompagn\u00e9 d\u2019une campagne institutionnelle de grande r\u00e9sonance. Durant cette m\u00eame p\u00e9riode, Djamila a d\u00e9velopp\u00e9 et dirig\u00e9 des sc\u00e9narios de campagnes, dont \u00ab As mulheres negras seguem marchando \u00bb (\u00ab Les femmes noires continuent de marcher \u00bb), avec la participation des \u00e9crivaines Carla Akotirene et Kiusam de Oliveira, produit avec l\u2019approbation de la famille de L\u00e9lia Gonz\u00e1lez.<\/p>\n<p>En 2023, elle a co-cr\u00e9\u00e9 et incarn\u00e9 la campagne nationale du nouveau Chevrolet Tracker, encourageant les femmes \u00e0 obtenir leur permis de conduire. Plus de 300 000 femmes se sont inscrites \u00e0 la campagne \u00e0 travers le pays.<\/p>\n<p>Entre 2023 et 2025, elle a d\u00e9velopp\u00e9 des initiatives pour le Rio Open, comprenant la cr\u00e9ation, l\u2019enregistrement et la narration de vid\u00e9os institutionnelles, ainsi que des conf\u00e9rences destin\u00e9es \u00e0 l\u2019organisation de l\u2019\u00e9v\u00e9nement.<\/p>\n<p><span class=\"subtitulo\">Engagement b\u00e9n\u00e9vole et action sociale<\/span><\/p>\n<p>En 2024, Djamila Ribeiro a commenc\u00e9 \u00e0 si\u00e9ger, \u00e0 titre b\u00e9n\u00e9vole, au sein de plusieurs conseils d\u2019administration. En juin, elle a \u00e9t\u00e9 \u00e9lue au Conseil d\u2019administration de la Fondation Padre Anchieta, responsable de TV Cultura. En juillet, elle a int\u00e9gr\u00e9 le Conseil d\u2019administration de la Pinacoth\u00e8que de l\u2019\u00c9tat de S\u00e3o Paulo, et en ao\u00fbt, elle a \u00e9t\u00e9 annonc\u00e9e comme membre du Conseil du Fonds de dotation de l\u2019Universit\u00e9 de S\u00e3o Paulo (USP).<\/p>\n<p>En 2025, elle a assum\u00e9 la pr\u00e9sidence du comit\u00e9 du Bal des 120 ans de la Pinacoth\u00e8que de S\u00e3o Paulo, un \u00e9v\u00e9nement institutionnel de c\u00e9l\u00e9bration et de mobilisation culturelle. La m\u00eame ann\u00e9e, elle a sign\u00e9 la postface du livre comm\u00e9moratif des 120 ans de la Pinacoth\u00e8que, proposant une r\u00e9flexion sur la m\u00e9moire, le patrimoine, la d\u00e9mocratie culturelle et les d\u00e9fis li\u00e9s \u00e0 l\u2019\u00e9largissement de l\u2019acc\u00e8s \u00e0 l\u2019art au Br\u00e9sil. Depuis 2025, elle est \u00e9galement m\u00e9c\u00e8ne de soutien de l\u2019institution. Sa pr\u00e9sidence du comit\u00e9 a fait suite \u00e0 une invitation de Jochen Volz (directeur g\u00e9n\u00e9ral et artistique), Mar\u00edlia Gessa (directrice de la lev\u00e9e de fonds) et Cl\u00e1udio Sonder (pr\u00e9sident du conseil).<\/p>\n<p>Dans le domaine social, ses dons de livres d\u00e9passent plusieurs dizaines de milliers d\u2019exemplaires, distribu\u00e9s \u00e0 des biblioth\u00e8ques, \u00e9coles publiques, clubs de lecture, cours pr\u00e9paratoires populaires, \u00e9tablissements p\u00e9nitentiaires et via des envois de grande ampleur. \u00c0 chaque lancement d\u2019ouvrage, Djamila fait g\u00e9n\u00e9ralement don d\u2019au moins 100 exemplaires et promeut des actions solidaires suppl\u00e9mentaires. En 2019, elle a donn\u00e9 500 livres \u00e0 des communaut\u00e9s et biblioth\u00e8ques des neuf \u00c9tats de l\u2019Amazonie l\u00e9gale, en partenariat avec la Fondation Tide Set\u00fabal. La m\u00eame ann\u00e9e, 1 000 ouvrages ont \u00e9t\u00e9 remis \u00e0 des campements li\u00e9s au Mouvement des travailleurs ruraux sans terre (MST).<\/p>\n<p>En 2021, lors de son passage dans l\u2019\u00e9mission t\u00e9l\u00e9vis\u00e9e Hora do Faro, Djamila a annonc\u00e9 le don de 1 000 livres \u00e0 Majori Silva, une jeune femme ayant construit de ses propres mains la Biblioth\u00e8que Lugar de Fala \u2014 nomm\u00e9e en hommage \u00e0 Djamila \u2014 dans une communaut\u00e9 p\u00e9riph\u00e9rique de Campinas (S\u00e3o Paulo). Les ouvrages ont \u00e9t\u00e9 distribu\u00e9s au sein d\u2019un r\u00e9seau de cours pr\u00e9paratoires universitaires destin\u00e9s \u00e0 des \u00e9tudiant\u00b7e\u00b7s \u00e0 faibles revenus. Pendant la crise du COVID-19, en partenariat avec Lola Cosmetics, elle a coordonn\u00e9 une action qui a permis la distribution de 10 000 flacons de gel hydroalcoolique \u00e0 des communaut\u00e9s quilombolas de la R\u00e9gion des Lacs (\u00c9tat de Rio de Janeiro).<\/p>\n<p>En tant qu\u2019activiste, elle agit depuis longtemps comme \u00e9ducatrice dans des programmes pr\u00e9paratoires destin\u00e9s \u00e0 la jeunesse noire. En 2016, elle a occup\u00e9 la fonction de secr\u00e9taire adjointe aux Droits humains de la municipalit\u00e9 de S\u00e3o Paulo, sous le mandat du maire Fernando Haddad. Elle a ensuite assur\u00e9 des formations pour l\u2019\u00c9cole f\u00e9ministe d\u2019Heli\u00f3polis et particip\u00e9 \u00e0 des cycles de formation professionnelle destin\u00e9s \u00e0 des procureurs, juges et autres acteurs du syst\u00e8me judiciaire br\u00e9silien. En 2025, elle a visit\u00e9 un centre de d\u00e9tention pour mineurs \u00e0 Vit\u00f3ria (Esp\u00edrito Santo), o\u00f9 des adolescent\u00b7e\u00b7s incarc\u00e9r\u00e9\u00b7e\u00b7s lisaient son \u0153uvre en groupe.<\/p>\n<p>Elle est actuellement formatrice aupr\u00e8s des Promotoras Legais Populares (PLPs), une initiative qui forme des femmes leaders dans les p\u00e9riph\u00e9ries de l\u2019\u00c9tat de S\u00e3o Paulo. Elle intervient \u00e9galement dans des conf\u00e9rences et \u00e9v\u00e9nements organis\u00e9s dans des communaut\u00e9s p\u00e9riph\u00e9riques \u00e0 travers diff\u00e9rentes r\u00e9gions du Br\u00e9sil.<\/p>\n<p>En 2021, elle a engag\u00e9 une action en justice contre Twitter, s\u2019appuyant sur des recherches identifiant les femmes noires comme principales cibles de discours de haine, d\u00e9non\u00e7ant l\u2019exploitation \u00e9conomique du racisme et de la misogynie par la plateforme. La m\u00eame ann\u00e9e, \u00e0 l\u2019invitation du Tribunal sup\u00e9rieur \u00e9lectoral (TSE) du Br\u00e9sil, elle a dirig\u00e9, sans r\u00e9mun\u00e9ration, une campagne nationale de lutte contre la d\u00e9sinformation portant sur le processus \u00e9lectoral et le fonctionnement du syst\u00e8me br\u00e9silien de vote \u00e9lectronique.<\/p>\n<p><span class=\"subtitulo\">Djamila Ribeiro aux \u00c9tats-Unis<\/span><\/p>\n<p>En ao\u00fbt 2024, Djamila Ribeiro s\u2019est install\u00e9e \u00e0 New York, o\u00f9 elle a enseign\u00e9 pendant un semestre \u00e0 la New York University en tant que professeure invit\u00e9e titulaire de la Chaire Andr\u00e9s Bello, une chaire d\u00e9di\u00e9e \u00e0 la r\u00e9flexion critique sur la d\u00e9mocratie, la production de savoirs et les pens\u00e9es du Sud global. Le cours, destin\u00e9 aux \u00e9tudiant\u00b7e\u00b7s de master et de doctorat, articulait enseignement, recherche et programmation publique.<\/p>\n<p>Au cours du semestre, elle a organis\u00e9 quatre \u00e9v\u00e9nements publics, r\u00e9unissant cinq invit\u00e9\u00b7e\u00b7s dont les trajectoires sont directement li\u00e9es \u00e0 son champ intellectuel et politique : Ibram X. Kendi, Alessandra Devulsky, Selma Dealdina, Linda Alcoff et Nadia Yala Kisukidi.<\/p>\n<p>Parall\u00e8lement \u00e0 ses activit\u00e9s d\u2019enseignement, elle a entrepris une tourn\u00e9e de lancement aux \u00c9tats-Unis pour Where We Stand \u2014 l\u2019\u00e9dition en langue anglaise de Lugar de Fala, publi\u00e9e par Yale University Press \u2014 dans plusieurs villes. Djamila \u00e9tait accompagn\u00e9e de Nicole Gullane et Liz D\u00f3rea, r\u00e9alisatrice et photographe du documentaire qui enregistre des moments de son parcours depuis 2024.<\/p>\n<p>La tourn\u00e9e a d\u00e9but\u00e9 \u00e0 Yale University et s\u2019est poursuivie \u00e0 Rutgers University, \u00e0 la University of Georgia, \u00e0 Spelman College, \u00e0 UCLA, \u00e0 San Diego State University et \u00e0 Harvard University. Durant cette p\u00e9riode, elle a particip\u00e9 au Brooklyn Book Festival lors d\u2019un panel aux c\u00f4t\u00e9s de Saidiya Hartman, Edwidge Danticat et Dionne Brand, et s\u2019est \u00e9galement rendue \u00e0 la Foire internationale du livre de Guadalajara, au Mexique.<\/p>\n<p>\u00c0 Washington, D.C., l\u2019\u00e9v\u00e9nement de lancement s\u2019est tenu \u00e0 la c\u00e9l\u00e8bre librairie Politics and Prose, en pr\u00e9sence de l\u2019ambassadrice du Br\u00e9sil aux \u00c9tats-Unis, Maria Viotti. Tous les exemplaires fournis par l\u2019\u00e9diteur ont \u00e9t\u00e9 vendus. \u00c0 New York, elle a particip\u00e9 \u00e0 une soir\u00e9e de lancement au Consulat g\u00e9n\u00e9ral du Br\u00e9sil, rassemblant des membres de la communaut\u00e9 br\u00e9silienne vivant dans la ville.<\/p>\n<p>Son ouvrage a \u00e9t\u00e9 couvert par des m\u00e9dias tels que le Los Angeles Times et le Boston Globe, et il est devenu disponible \u00e0 la librairie des Nations Unies \u00e0 New York, o\u00f9 Djamila a organis\u00e9 une rencontre avec des diplomates. \u00c0 la fin de sa r\u00e9sidence dans la ville, elle a publi\u00e9 un article acad\u00e9mique dans Women\u2019s Studies Quarterly sur la maternit\u00e9 \u00e0 partir d\u2019une lecture des Yab\u00e1s, les orix\u00e1s f\u00e9minines.<\/p>\n<p>Djamila a \u00e9t\u00e9 invit\u00e9e \u00e0 int\u00e9grer le programme Dr. Martin Luther King Jr. Visiting Professors au Massachusetts Institute of Technology (MIT). Sa candidature a \u00e9t\u00e9 soutenue par trois d\u00e9partements distincts de l\u2019universit\u00e9 \u2014 un r\u00e9sultat rare dans ce type de processus \u2014 et approuv\u00e9e \u00e0 l\u2019unanimit\u00e9. En ao\u00fbt 2025, Djamila s\u2019est install\u00e9e \u00e0 Cambridge, o\u00f9 elle r\u00e9side actuellement et se consacre \u00e0 l\u2019enseignement au sein de l\u2019institution.<\/p>\n<p>En septembre 2025, durant ses premi\u00e8res semaines \u00e0 Cambridge, Djamila a appris que le Service95 Book Club, initiative litt\u00e9raire de la chanteuse Dua Lipa, recommandait Where We Stand, la d\u00e9crivant comme une figure cl\u00e9 dans la popularisation du f\u00e9minisme noir au Br\u00e9sil.<\/p>\n<p>Aujourd\u2019hui, en 2026, Djamila se pr\u00e9pare \u00e0 enseigner le cours Feminisms of the Global South au MIT \u00e0 partir du mois de f\u00e9vrier. Le 8 mars, elle est confirm\u00e9e comme conf\u00e9renci\u00e8re principale \u00e0 la conf\u00e9rence Women Unite!, organis\u00e9e par la Ville d\u2019Amsterdam. Apr\u00e8s sa participation au panel \u00ab Women in War \u00bb, Djamila prendra part \u00e0 une conversation avec l\u2019\u00e9crivaine nig\u00e9riane OluTimehin Kukoyi et l\u2019avocate ukrainienne Oleksandra Matviichuk, laur\u00e9ate du prix Nobel de la paix (2022).<\/p>\n","protected":false},"excerpt":{"rendered":"<p>Introduction La trajectoire intellectuelle et publique de Djamila Ribeiro s\u2019enracine profond\u00e9ment dans des exp\u00e9riences formatrices qui articulent pens\u00e9e critique, conscience politique, action collective et vie culturelle. Fille du docker syndicaliste Joaquim Ribeiro dos Santos et de la travailleuse domestique Erani Ribeiro dos Santos, elle est la benjamine d\u2019une fratrie de quatre enfants et a grandi [&hellip;]<\/p>\n","protected":false},"author":1,"featured_media":0,"parent":0,"menu_order":0,"comment_status":"closed","ping_status":"closed","template":"page-templates\/sobre.php","meta":{"inline_featured_image":false},"acf":[],"yoast_head":"<!-- This site is optimized with the Yoast SEO plugin v20.5 - https:\/\/yoast.com\/wordpress\/plugins\/seo\/ -->\n<title>biographie - Djamila Ribeiro<\/title>\n<meta name=\"description\" content=\"N\u00e9e en 1980, Djamila Ta\u00eds Ribeiro dos Santos est titulaire d&#039;une licence en philosophie et d&#039;un master en philosophie politique de l&#039;universit\u00e9 f\u00e9d\u00e9rale de S\u00e3o Paulo.\" \/>\n<meta name=\"robots\" content=\"index, follow, max-snippet:-1, max-image-preview:large, max-video-preview:-1\" \/>\n<link rel=\"canonical\" href=\"https:\/\/www.djamilaribeiro.com.br\/fr\/biographie\/\" \/>\n<meta property=\"og:locale\" content=\"pt_BR\" \/>\n<meta property=\"og:type\" content=\"article\" \/>\n<meta property=\"og:title\" content=\"biographie - Djamila Ribeiro\" \/>\n<meta property=\"og:description\" content=\"N\u00e9e en 1980, Djamila Ta\u00eds Ribeiro dos Santos est titulaire d&#039;une licence en philosophie et d&#039;un master en philosophie politique de l&#039;universit\u00e9 f\u00e9d\u00e9rale de S\u00e3o Paulo.\" \/>\n<meta property=\"og:url\" content=\"https:\/\/www.djamilaribeiro.com.br\/fr\/biographie\/\" \/>\n<meta property=\"og:site_name\" content=\"Djamila Ribeiro\" \/>\n<meta property=\"article:modified_time\" content=\"2026-03-02T23:18:04+00:00\" \/>\n<meta name=\"twitter:card\" content=\"summary_large_image\" \/>\n<meta name=\"twitter:label1\" content=\"Est. tempo de leitura\" \/>\n\t<meta name=\"twitter:data1\" content=\"20 minutos\" \/>\n<script type=\"application\/ld+json\" class=\"yoast-schema-graph\">{\"@context\":\"https:\/\/schema.org\",\"@graph\":[{\"@type\":\"WebPage\",\"@id\":\"https:\/\/www.djamilaribeiro.com.br\/fr\/biographie\/\",\"url\":\"https:\/\/www.djamilaribeiro.com.br\/fr\/biographie\/\",\"name\":\"biographie - Djamila Ribeiro\",\"isPartOf\":{\"@id\":\"https:\/\/www.djamilaribeiro.com.br\/#website\"},\"datePublished\":\"2022-10-26T11:15:32+00:00\",\"dateModified\":\"2026-03-02T23:18:04+00:00\",\"description\":\"N\u00e9e en 1980, Djamila Ta\u00eds Ribeiro dos Santos est titulaire d'une licence en philosophie et d'un master en philosophie politique de l'universit\u00e9 f\u00e9d\u00e9rale de S\u00e3o Paulo.\",\"breadcrumb\":{\"@id\":\"https:\/\/www.djamilaribeiro.com.br\/fr\/biographie\/#breadcrumb\"},\"inLanguage\":\"pt-BR\",\"potentialAction\":[{\"@type\":\"ReadAction\",\"target\":[\"https:\/\/www.djamilaribeiro.com.br\/fr\/biographie\/\"]}]},{\"@type\":\"BreadcrumbList\",\"@id\":\"https:\/\/www.djamilaribeiro.com.br\/fr\/biographie\/#breadcrumb\",\"itemListElement\":[{\"@type\":\"ListItem\",\"position\":1,\"name\":\"In\u00edcio\",\"item\":\"https:\/\/www.djamilaribeiro.com.br\/fr\/\"},{\"@type\":\"ListItem\",\"position\":2,\"name\":\"biographie\"}]},{\"@type\":\"WebSite\",\"@id\":\"https:\/\/www.djamilaribeiro.com.br\/#website\",\"url\":\"https:\/\/www.djamilaribeiro.com.br\/\",\"name\":\"Djamila Ribeiro\",\"description\":\"\",\"potentialAction\":[{\"@type\":\"SearchAction\",\"target\":{\"@type\":\"EntryPoint\",\"urlTemplate\":\"https:\/\/www.djamilaribeiro.com.br\/?s={search_term_string}\"},\"query-input\":\"required name=search_term_string\"}],\"inLanguage\":\"pt-BR\"}]}<\/script>\n<!-- \/ Yoast SEO plugin. -->","yoast_head_json":{"title":"biographie - Djamila Ribeiro","description":"N\u00e9e en 1980, Djamila Ta\u00eds Ribeiro dos Santos est titulaire d'une licence en philosophie et d'un master en philosophie politique de l'universit\u00e9 f\u00e9d\u00e9rale de S\u00e3o Paulo.","robots":{"index":"index","follow":"follow","max-snippet":"max-snippet:-1","max-image-preview":"max-image-preview:large","max-video-preview":"max-video-preview:-1"},"canonical":"https:\/\/www.djamilaribeiro.com.br\/fr\/biographie\/","og_locale":"pt_BR","og_type":"article","og_title":"biographie - Djamila Ribeiro","og_description":"N\u00e9e en 1980, Djamila Ta\u00eds Ribeiro dos Santos est titulaire d'une licence en philosophie et d'un master en philosophie politique de l'universit\u00e9 f\u00e9d\u00e9rale de S\u00e3o Paulo.","og_url":"https:\/\/www.djamilaribeiro.com.br\/fr\/biographie\/","og_site_name":"Djamila Ribeiro","article_modified_time":"2026-03-02T23:18:04+00:00","twitter_card":"summary_large_image","twitter_misc":{"Est. tempo de leitura":"20 minutos"},"schema":{"@context":"https:\/\/schema.org","@graph":[{"@type":"WebPage","@id":"https:\/\/www.djamilaribeiro.com.br\/fr\/biographie\/","url":"https:\/\/www.djamilaribeiro.com.br\/fr\/biographie\/","name":"biographie - Djamila Ribeiro","isPartOf":{"@id":"https:\/\/www.djamilaribeiro.com.br\/#website"},"datePublished":"2022-10-26T11:15:32+00:00","dateModified":"2026-03-02T23:18:04+00:00","description":"N\u00e9e en 1980, Djamila Ta\u00eds Ribeiro dos Santos est titulaire d'une licence en philosophie et d'un master en philosophie politique de l'universit\u00e9 f\u00e9d\u00e9rale de S\u00e3o Paulo.","breadcrumb":{"@id":"https:\/\/www.djamilaribeiro.com.br\/fr\/biographie\/#breadcrumb"},"inLanguage":"pt-BR","potentialAction":[{"@type":"ReadAction","target":["https:\/\/www.djamilaribeiro.com.br\/fr\/biographie\/"]}]},{"@type":"BreadcrumbList","@id":"https:\/\/www.djamilaribeiro.com.br\/fr\/biographie\/#breadcrumb","itemListElement":[{"@type":"ListItem","position":1,"name":"In\u00edcio","item":"https:\/\/www.djamilaribeiro.com.br\/fr\/"},{"@type":"ListItem","position":2,"name":"biographie"}]},{"@type":"WebSite","@id":"https:\/\/www.djamilaribeiro.com.br\/#website","url":"https:\/\/www.djamilaribeiro.com.br\/","name":"Djamila Ribeiro","description":"","potentialAction":[{"@type":"SearchAction","target":{"@type":"EntryPoint","urlTemplate":"https:\/\/www.djamilaribeiro.com.br\/?s={search_term_string}"},"query-input":"required name=search_term_string"}],"inLanguage":"pt-BR"}]}},"amp_enabled":true,"_links":{"self":[{"href":"https:\/\/www.djamilaribeiro.com.br\/fr\/wp-json\/wp\/v2\/pages\/3583"}],"collection":[{"href":"https:\/\/www.djamilaribeiro.com.br\/fr\/wp-json\/wp\/v2\/pages"}],"about":[{"href":"https:\/\/www.djamilaribeiro.com.br\/fr\/wp-json\/wp\/v2\/types\/page"}],"author":[{"embeddable":true,"href":"https:\/\/www.djamilaribeiro.com.br\/fr\/wp-json\/wp\/v2\/users\/1"}],"replies":[{"embeddable":true,"href":"https:\/\/www.djamilaribeiro.com.br\/fr\/wp-json\/wp\/v2\/comments?post=3583"}],"version-history":[{"count":42,"href":"https:\/\/www.djamilaribeiro.com.br\/fr\/wp-json\/wp\/v2\/pages\/3583\/revisions"}],"predecessor-version":[{"id":5225,"href":"https:\/\/www.djamilaribeiro.com.br\/fr\/wp-json\/wp\/v2\/pages\/3583\/revisions\/5225"}],"wp:attachment":[{"href":"https:\/\/www.djamilaribeiro.com.br\/fr\/wp-json\/wp\/v2\/media?parent=3583"}],"curies":[{"name":"wp","href":"https:\/\/api.w.org\/{rel}","templated":true}]}}