{"id":3668,"date":"2023-02-23T12:47:40","date_gmt":"2023-02-23T15:47:40","guid":{"rendered":"https:\/\/www.djamilaribeiro.com.br\/livro\/ta-magie-ma-menee-jusquici-lettres-a-ma-grand-mere\/"},"modified":"2025-06-05T13:46:49","modified_gmt":"2025-06-05T16:46:49","slug":"ta-magie-ma-menee-jusquici-lettres-a-ma-grand-mere","status":"publish","type":"livroscpt","link":"https:\/\/www.djamilaribeiro.com.br\/fr\/livro\/ta-magie-ma-menee-jusquici-lettres-a-ma-grand-mere\/","title":{"rendered":"Ta magie m&#8217;a men\u00e9e jusqu&#8217;ici: Lettres \u00e0 ma grand-m\u00e8re"},"content":{"rendered":"<p>Dans le plus personnel de ses livres, la philosophe Djamila Ribeiro, r\u00e9f\u00e9rence sur le f\u00e9minisme et l\u2019antiracisme au Br\u00e9sil, \u00e9voque les \u00e9pisodes difficiles de sa vie \u2013 l\u2019atmosph\u00e8re raciste et machiste d\u00e9l\u00e9t\u00e8re de son enfance et son adolescence \u2013 mais \u00e9galement les lectures qui ont fa\u00e7onn\u00e9 sa personnalit\u00e9, l\u2019amour, la musique, le militantisme, et la maternit\u00e9. Avec une certitude : la m\u00e9moire des luttes et des r\u00e9alisations des femmes qui nous ont pr\u00e9c\u00e9d\u00e9es est la force qui nous permet d\u2019aller de l\u2019avant.<\/p>\n<p>Sous la forme de lettres complices \u00e0 sa grand-m\u00e8re Ant\u00f4nia, affectueuse et aimante, connaisseuse des herbes m\u00e9dicinales, les souvenirs d\u2019enfance de Djamila Ribeiro ont la saveur aigre-douce de la mangue verte et la force silencieuse des femmes de sa famille.<\/p>\n","protected":false},"featured_media":3670,"parent":0,"template":"","acf":[],"yoast_head":"<!-- This site is optimized with the Yoast SEO plugin v20.5 - https:\/\/yoast.com\/wordpress\/plugins\/seo\/ -->\n<title>Ta magie m&#039;a men\u00e9e jusqu&#039;ici: Lettres \u00e0 ma grand-m\u00e8re - Djamila Ribeiro<\/title>\n<meta name=\"robots\" content=\"index, follow, max-snippet:-1, max-image-preview:large, max-video-preview:-1\" \/>\n<link rel=\"canonical\" href=\"https:\/\/www.djamilaribeiro.com.br\/fr\/livro\/ta-magie-ma-menee-jusquici-lettres-a-ma-grand-mere\/\" \/>\n<meta property=\"og:locale\" content=\"pt_BR\" \/>\n<meta property=\"og:type\" content=\"article\" \/>\n<meta property=\"og:title\" content=\"Ta magie m&#039;a men\u00e9e jusqu&#039;ici: Lettres \u00e0 ma grand-m\u00e8re - Djamila Ribeiro\" \/>\n<meta property=\"og:description\" content=\"Dans le plus personnel de ses livres, la philosophe Djamila Ribeiro, r\u00e9f\u00e9rence sur le f\u00e9minisme et l\u2019antiracisme au Br\u00e9sil, \u00e9voque les \u00e9pisodes difficiles de sa vie \u2013 l\u2019atmosph\u00e8re raciste et machiste d\u00e9l\u00e9t\u00e8re de son enfance et son adolescence \u2013 mais \u00e9galement les lectures qui ont fa\u00e7onn\u00e9 sa personnalit\u00e9, l\u2019amour, la musique, le militantisme, et la [&hellip;]\" \/>\n<meta property=\"og:url\" content=\"https:\/\/www.djamilaribeiro.com.br\/fr\/livro\/ta-magie-ma-menee-jusquici-lettres-a-ma-grand-mere\/\" \/>\n<meta property=\"og:site_name\" content=\"Djamila Ribeiro\" \/>\n<meta property=\"article:modified_time\" content=\"2025-06-05T16:46:49+00:00\" \/>\n<meta property=\"og:image\" content=\"https:\/\/www.djamilaribeiro.com.br\/wp-content\/uploads\/2023\/02\/DSC1458-1.jpg\" \/>\n\t<meta property=\"og:image:width\" content=\"1368\" \/>\n\t<meta property=\"og:image:height\" content=\"2048\" \/>\n\t<meta property=\"og:image:type\" content=\"image\/jpeg\" \/>\n<meta name=\"twitter:card\" content=\"summary_large_image\" \/>\n<meta name=\"twitter:label1\" content=\"Est. tempo de leitura\" \/>\n\t<meta name=\"twitter:data1\" content=\"1 minuto\" \/>\n<script type=\"application\/ld+json\" class=\"yoast-schema-graph\">{\"@context\":\"https:\/\/schema.org\",\"@graph\":[{\"@type\":\"WebPage\",\"@id\":\"https:\/\/www.djamilaribeiro.com.br\/fr\/livro\/ta-magie-ma-menee-jusquici-lettres-a-ma-grand-mere\/\",\"url\":\"https:\/\/www.djamilaribeiro.com.br\/fr\/livro\/ta-magie-ma-menee-jusquici-lettres-a-ma-grand-mere\/\",\"name\":\"Ta magie m'a men\u00e9e jusqu'ici: Lettres \u00e0 ma grand-m\u00e8re - Djamila Ribeiro\",\"isPartOf\":{\"@id\":\"https:\/\/www.djamilaribeiro.com.br\/#website\"},\"datePublished\":\"2023-02-23T15:47:40+00:00\",\"dateModified\":\"2025-06-05T16:46:49+00:00\",\"breadcrumb\":{\"@id\":\"https:\/\/www.djamilaribeiro.com.br\/fr\/livro\/ta-magie-ma-menee-jusquici-lettres-a-ma-grand-mere\/#breadcrumb\"},\"inLanguage\":\"pt-BR\",\"potentialAction\":[{\"@type\":\"ReadAction\",\"target\":[\"https:\/\/www.djamilaribeiro.com.br\/fr\/livro\/ta-magie-ma-menee-jusquici-lettres-a-ma-grand-mere\/\"]}]},{\"@type\":\"BreadcrumbList\",\"@id\":\"https:\/\/www.djamilaribeiro.com.br\/fr\/livro\/ta-magie-ma-menee-jusquici-lettres-a-ma-grand-mere\/#breadcrumb\",\"itemListElement\":[{\"@type\":\"ListItem\",\"position\":1,\"name\":\"In\u00edcio\",\"item\":\"https:\/\/www.djamilaribeiro.com.br\/fr\/\"},{\"@type\":\"ListItem\",\"position\":2,\"name\":\"Ta magie m&#8217;a men\u00e9e jusqu&#8217;ici: Lettres \u00e0 ma grand-m\u00e8re\"}]},{\"@type\":\"WebSite\",\"@id\":\"https:\/\/www.djamilaribeiro.com.br\/#website\",\"url\":\"https:\/\/www.djamilaribeiro.com.br\/\",\"name\":\"Djamila Ribeiro\",\"description\":\"\",\"potentialAction\":[{\"@type\":\"SearchAction\",\"target\":{\"@type\":\"EntryPoint\",\"urlTemplate\":\"https:\/\/www.djamilaribeiro.com.br\/?s={search_term_string}\"},\"query-input\":\"required name=search_term_string\"}],\"inLanguage\":\"pt-BR\"}]}<\/script>\n<!-- \/ Yoast SEO plugin. -->","yoast_head_json":{"title":"Ta magie m'a men\u00e9e jusqu'ici: Lettres \u00e0 ma grand-m\u00e8re - Djamila Ribeiro","robots":{"index":"index","follow":"follow","max-snippet":"max-snippet:-1","max-image-preview":"max-image-preview:large","max-video-preview":"max-video-preview:-1"},"canonical":"https:\/\/www.djamilaribeiro.com.br\/fr\/livro\/ta-magie-ma-menee-jusquici-lettres-a-ma-grand-mere\/","og_locale":"pt_BR","og_type":"article","og_title":"Ta magie m'a men\u00e9e jusqu'ici: Lettres \u00e0 ma grand-m\u00e8re - Djamila Ribeiro","og_description":"Dans le plus personnel de ses livres, la philosophe Djamila Ribeiro, r\u00e9f\u00e9rence sur le f\u00e9minisme et l\u2019antiracisme au Br\u00e9sil, \u00e9voque les \u00e9pisodes difficiles de sa vie \u2013 l\u2019atmosph\u00e8re raciste et machiste d\u00e9l\u00e9t\u00e8re de son enfance et son adolescence \u2013 mais \u00e9galement les lectures qui ont fa\u00e7onn\u00e9 sa personnalit\u00e9, l\u2019amour, la musique, le militantisme, et la [&hellip;]","og_url":"https:\/\/www.djamilaribeiro.com.br\/fr\/livro\/ta-magie-ma-menee-jusquici-lettres-a-ma-grand-mere\/","og_site_name":"Djamila Ribeiro","article_modified_time":"2025-06-05T16:46:49+00:00","og_image":[{"width":1368,"height":2048,"url":"https:\/\/www.djamilaribeiro.com.br\/wp-content\/uploads\/2023\/02\/DSC1458-1.jpg","type":"image\/jpeg"}],"twitter_card":"summary_large_image","twitter_misc":{"Est. tempo de leitura":"1 minuto"},"schema":{"@context":"https:\/\/schema.org","@graph":[{"@type":"WebPage","@id":"https:\/\/www.djamilaribeiro.com.br\/fr\/livro\/ta-magie-ma-menee-jusquici-lettres-a-ma-grand-mere\/","url":"https:\/\/www.djamilaribeiro.com.br\/fr\/livro\/ta-magie-ma-menee-jusquici-lettres-a-ma-grand-mere\/","name":"Ta magie m'a men\u00e9e jusqu'ici: Lettres \u00e0 ma grand-m\u00e8re - Djamila Ribeiro","isPartOf":{"@id":"https:\/\/www.djamilaribeiro.com.br\/#website"},"datePublished":"2023-02-23T15:47:40+00:00","dateModified":"2025-06-05T16:46:49+00:00","breadcrumb":{"@id":"https:\/\/www.djamilaribeiro.com.br\/fr\/livro\/ta-magie-ma-menee-jusquici-lettres-a-ma-grand-mere\/#breadcrumb"},"inLanguage":"pt-BR","potentialAction":[{"@type":"ReadAction","target":["https:\/\/www.djamilaribeiro.com.br\/fr\/livro\/ta-magie-ma-menee-jusquici-lettres-a-ma-grand-mere\/"]}]},{"@type":"BreadcrumbList","@id":"https:\/\/www.djamilaribeiro.com.br\/fr\/livro\/ta-magie-ma-menee-jusquici-lettres-a-ma-grand-mere\/#breadcrumb","itemListElement":[{"@type":"ListItem","position":1,"name":"In\u00edcio","item":"https:\/\/www.djamilaribeiro.com.br\/fr\/"},{"@type":"ListItem","position":2,"name":"Ta magie m&#8217;a men\u00e9e jusqu&#8217;ici: Lettres \u00e0 ma grand-m\u00e8re"}]},{"@type":"WebSite","@id":"https:\/\/www.djamilaribeiro.com.br\/#website","url":"https:\/\/www.djamilaribeiro.com.br\/","name":"Djamila Ribeiro","description":"","potentialAction":[{"@type":"SearchAction","target":{"@type":"EntryPoint","urlTemplate":"https:\/\/www.djamilaribeiro.com.br\/?s={search_term_string}"},"query-input":"required name=search_term_string"}],"inLanguage":"pt-BR"}]}},"_links":{"self":[{"href":"https:\/\/www.djamilaribeiro.com.br\/fr\/wp-json\/wp\/v2\/rest_livros\/3668"}],"collection":[{"href":"https:\/\/www.djamilaribeiro.com.br\/fr\/wp-json\/wp\/v2\/rest_livros"}],"about":[{"href":"https:\/\/www.djamilaribeiro.com.br\/fr\/wp-json\/wp\/v2\/types\/livroscpt"}],"wp:featuredmedia":[{"embeddable":true,"href":"https:\/\/www.djamilaribeiro.com.br\/fr\/wp-json\/wp\/v2\/media\/3670"}],"wp:attachment":[{"href":"https:\/\/www.djamilaribeiro.com.br\/fr\/wp-json\/wp\/v2\/media?parent=3668"}],"curies":[{"name":"wp","href":"https:\/\/api.w.org\/{rel}","templated":true}]}}