{"id":3679,"date":"2022-10-26T09:51:23","date_gmt":"2022-10-26T12:51:23","guid":{"rendered":"https:\/\/www.djamilaribeiro.com.br\/livro\/petit-manuel-antirraciste-et-feministe\/"},"modified":"2025-06-05T13:49:25","modified_gmt":"2025-06-05T16:49:25","slug":"petit-manuel-antirraciste-et-feministe","status":"publish","type":"livroscpt","link":"https:\/\/www.djamilaribeiro.com.br\/fr\/livro\/petit-manuel-antirraciste-et-feministe\/","title":{"rendered":"Petit Manuel Antirraciste et F\u00e9ministe"},"content":{"rendered":"<p>Dans ce petit manuel, la philosophe et activiste Djamila Ribeiro aborde des th\u00e8mes tels que l&#8217;actualit\u00e9 du racisme, la n\u00e9gritude, la blanchit\u00e9, la violence raciale, la culture, les d\u00e9sirs et les affects. En onze chapitres courts et percutants, l&#8217;autrice propose des pistes de r\u00e9flexion \u00e0 celles et ceux qui souhaitent approfondir leur compr\u00e9hension des discriminations racistes structurelles et prendre la responsabilit\u00e9 de transformer l&#8217;\u00e9tat des choses. Depuis de nombreuses ann\u00e9es, la perception selon laquelle le racisme est enracin\u00e9 dans notre soci\u00e9t\u00e9, cr\u00e9ant des in\u00e9galit\u00e9s et des foss\u00e9s sociaux, se solidifie : il s&#8217;agit d&#8217;un syst\u00e8me d&#8217;oppression qui nie les droits, et non d&#8217;un simple acte de volont\u00e9 d&#8217;un individu. Reconna\u00eetre les racines et l&#8217;impact du racisme peut \u00eatre paralysant. Apr\u00e8s tout, comment affronter un monstre de cette taille ? Djamila Ribeiro soutient que la pratique antiraciste est urgente et qu&#8217;elle se manifeste dans les attitudes les plus quotidiennes. Et plus encore : c&#8217;est un combat de toutes et de tous.<\/p>\n<p>Prix Jabuti 2020 dans la cat\u00e9gorie Sciences humaines.<\/p>\n","protected":false},"featured_media":3681,"parent":0,"template":"","acf":[],"yoast_head":"<!-- This site is optimized with the Yoast SEO plugin v20.5 - https:\/\/yoast.com\/wordpress\/plugins\/seo\/ -->\n<title>Petit Manuel Antirraciste et F\u00e9ministe - Djamila Ribeiro<\/title>\n<meta name=\"robots\" content=\"index, follow, max-snippet:-1, max-image-preview:large, max-video-preview:-1\" \/>\n<link rel=\"canonical\" href=\"https:\/\/www.djamilaribeiro.com.br\/fr\/livro\/petit-manuel-antirraciste-et-feministe\/\" \/>\n<meta property=\"og:locale\" content=\"pt_BR\" \/>\n<meta property=\"og:type\" content=\"article\" \/>\n<meta property=\"og:title\" content=\"Petit Manuel Antirraciste et F\u00e9ministe - Djamila Ribeiro\" \/>\n<meta property=\"og:description\" content=\"Dans ce petit manuel, la philosophe et activiste Djamila Ribeiro aborde des th\u00e8mes tels que l&#8217;actualit\u00e9 du racisme, la n\u00e9gritude, la blanchit\u00e9, la violence raciale, la culture, les d\u00e9sirs et les affects. En onze chapitres courts et percutants, l&#8217;autrice propose des pistes de r\u00e9flexion \u00e0 celles et ceux qui souhaitent approfondir leur compr\u00e9hension des discriminations [&hellip;]\" \/>\n<meta property=\"og:url\" content=\"https:\/\/www.djamilaribeiro.com.br\/fr\/livro\/petit-manuel-antirraciste-et-feministe\/\" \/>\n<meta property=\"og:site_name\" content=\"Djamila Ribeiro\" \/>\n<meta property=\"article:modified_time\" content=\"2025-06-05T16:49:25+00:00\" \/>\n<meta property=\"og:image\" content=\"https:\/\/www.djamilaribeiro.com.br\/wp-content\/uploads\/2022\/10\/FLAVIOTEPERMAN-\ufffd-DJAMILARIBEIRO-\ufffd-alta_28-scaled.jpg\" \/>\n\t<meta property=\"og:image:width\" content=\"1707\" \/>\n\t<meta property=\"og:image:height\" content=\"2560\" \/>\n\t<meta property=\"og:image:type\" content=\"image\/jpeg\" \/>\n<meta name=\"twitter:card\" content=\"summary_large_image\" \/>\n<meta name=\"twitter:label1\" content=\"Est. tempo de leitura\" \/>\n\t<meta name=\"twitter:data1\" content=\"1 minuto\" \/>\n<script type=\"application\/ld+json\" class=\"yoast-schema-graph\">{\"@context\":\"https:\/\/schema.org\",\"@graph\":[{\"@type\":\"WebPage\",\"@id\":\"https:\/\/www.djamilaribeiro.com.br\/fr\/livro\/petit-manuel-antirraciste-et-feministe\/\",\"url\":\"https:\/\/www.djamilaribeiro.com.br\/fr\/livro\/petit-manuel-antirraciste-et-feministe\/\",\"name\":\"Petit Manuel Antirraciste et F\u00e9ministe - Djamila Ribeiro\",\"isPartOf\":{\"@id\":\"https:\/\/www.djamilaribeiro.com.br\/#website\"},\"datePublished\":\"2022-10-26T12:51:23+00:00\",\"dateModified\":\"2025-06-05T16:49:25+00:00\",\"breadcrumb\":{\"@id\":\"https:\/\/www.djamilaribeiro.com.br\/fr\/livro\/petit-manuel-antirraciste-et-feministe\/#breadcrumb\"},\"inLanguage\":\"pt-BR\",\"potentialAction\":[{\"@type\":\"ReadAction\",\"target\":[\"https:\/\/www.djamilaribeiro.com.br\/fr\/livro\/petit-manuel-antirraciste-et-feministe\/\"]}]},{\"@type\":\"BreadcrumbList\",\"@id\":\"https:\/\/www.djamilaribeiro.com.br\/fr\/livro\/petit-manuel-antirraciste-et-feministe\/#breadcrumb\",\"itemListElement\":[{\"@type\":\"ListItem\",\"position\":1,\"name\":\"In\u00edcio\",\"item\":\"https:\/\/www.djamilaribeiro.com.br\/fr\/\"},{\"@type\":\"ListItem\",\"position\":2,\"name\":\"Petit Manuel Antirraciste et F\u00e9ministe\"}]},{\"@type\":\"WebSite\",\"@id\":\"https:\/\/www.djamilaribeiro.com.br\/#website\",\"url\":\"https:\/\/www.djamilaribeiro.com.br\/\",\"name\":\"Djamila Ribeiro\",\"description\":\"\",\"potentialAction\":[{\"@type\":\"SearchAction\",\"target\":{\"@type\":\"EntryPoint\",\"urlTemplate\":\"https:\/\/www.djamilaribeiro.com.br\/?s={search_term_string}\"},\"query-input\":\"required name=search_term_string\"}],\"inLanguage\":\"pt-BR\"}]}<\/script>\n<!-- \/ Yoast SEO plugin. -->","yoast_head_json":{"title":"Petit Manuel Antirraciste et F\u00e9ministe - Djamila Ribeiro","robots":{"index":"index","follow":"follow","max-snippet":"max-snippet:-1","max-image-preview":"max-image-preview:large","max-video-preview":"max-video-preview:-1"},"canonical":"https:\/\/www.djamilaribeiro.com.br\/fr\/livro\/petit-manuel-antirraciste-et-feministe\/","og_locale":"pt_BR","og_type":"article","og_title":"Petit Manuel Antirraciste et F\u00e9ministe - Djamila Ribeiro","og_description":"Dans ce petit manuel, la philosophe et activiste Djamila Ribeiro aborde des th\u00e8mes tels que l&#8217;actualit\u00e9 du racisme, la n\u00e9gritude, la blanchit\u00e9, la violence raciale, la culture, les d\u00e9sirs et les affects. En onze chapitres courts et percutants, l&#8217;autrice propose des pistes de r\u00e9flexion \u00e0 celles et ceux qui souhaitent approfondir leur compr\u00e9hension des discriminations [&hellip;]","og_url":"https:\/\/www.djamilaribeiro.com.br\/fr\/livro\/petit-manuel-antirraciste-et-feministe\/","og_site_name":"Djamila Ribeiro","article_modified_time":"2025-06-05T16:49:25+00:00","og_image":[{"width":1707,"height":2560,"url":"https:\/\/www.djamilaribeiro.com.br\/wp-content\/uploads\/2022\/10\/FLAVIOTEPERMAN-\ufffd-DJAMILARIBEIRO-\ufffd-alta_28-scaled.jpg","type":"image\/jpeg"}],"twitter_card":"summary_large_image","twitter_misc":{"Est. tempo de leitura":"1 minuto"},"schema":{"@context":"https:\/\/schema.org","@graph":[{"@type":"WebPage","@id":"https:\/\/www.djamilaribeiro.com.br\/fr\/livro\/petit-manuel-antirraciste-et-feministe\/","url":"https:\/\/www.djamilaribeiro.com.br\/fr\/livro\/petit-manuel-antirraciste-et-feministe\/","name":"Petit Manuel Antirraciste et F\u00e9ministe - Djamila Ribeiro","isPartOf":{"@id":"https:\/\/www.djamilaribeiro.com.br\/#website"},"datePublished":"2022-10-26T12:51:23+00:00","dateModified":"2025-06-05T16:49:25+00:00","breadcrumb":{"@id":"https:\/\/www.djamilaribeiro.com.br\/fr\/livro\/petit-manuel-antirraciste-et-feministe\/#breadcrumb"},"inLanguage":"pt-BR","potentialAction":[{"@type":"ReadAction","target":["https:\/\/www.djamilaribeiro.com.br\/fr\/livro\/petit-manuel-antirraciste-et-feministe\/"]}]},{"@type":"BreadcrumbList","@id":"https:\/\/www.djamilaribeiro.com.br\/fr\/livro\/petit-manuel-antirraciste-et-feministe\/#breadcrumb","itemListElement":[{"@type":"ListItem","position":1,"name":"In\u00edcio","item":"https:\/\/www.djamilaribeiro.com.br\/fr\/"},{"@type":"ListItem","position":2,"name":"Petit Manuel Antirraciste et F\u00e9ministe"}]},{"@type":"WebSite","@id":"https:\/\/www.djamilaribeiro.com.br\/#website","url":"https:\/\/www.djamilaribeiro.com.br\/","name":"Djamila Ribeiro","description":"","potentialAction":[{"@type":"SearchAction","target":{"@type":"EntryPoint","urlTemplate":"https:\/\/www.djamilaribeiro.com.br\/?s={search_term_string}"},"query-input":"required name=search_term_string"}],"inLanguage":"pt-BR"}]}},"_links":{"self":[{"href":"https:\/\/www.djamilaribeiro.com.br\/fr\/wp-json\/wp\/v2\/rest_livros\/3679"}],"collection":[{"href":"https:\/\/www.djamilaribeiro.com.br\/fr\/wp-json\/wp\/v2\/rest_livros"}],"about":[{"href":"https:\/\/www.djamilaribeiro.com.br\/fr\/wp-json\/wp\/v2\/types\/livroscpt"}],"wp:featuredmedia":[{"embeddable":true,"href":"https:\/\/www.djamilaribeiro.com.br\/fr\/wp-json\/wp\/v2\/media\/3681"}],"wp:attachment":[{"href":"https:\/\/www.djamilaribeiro.com.br\/fr\/wp-json\/wp\/v2\/media?parent=3679"}],"curies":[{"name":"wp","href":"https:\/\/api.w.org\/{rel}","templated":true}]}}