{"id":3682,"date":"2023-02-23T12:13:23","date_gmt":"2023-02-23T15:13:23","guid":{"rendered":"https:\/\/www.djamilaribeiro.com.br\/livro\/chroniques-sur-le-femisnisme-noir\/"},"modified":"2025-12-24T17:38:59","modified_gmt":"2025-12-24T20:38:59","slug":"chroniques-sur-le-femisnisme-noir","status":"publish","type":"livroscpt","link":"https:\/\/www.djamilaribeiro.com.br\/fr\/livro\/chroniques-sur-le-femisnisme-noir\/","title":{"rendered":"Chroniques sur le F\u00e9misnisme Noir"},"content":{"rendered":"<p><em>Chroniques sur le F\u00e9minisme Noir<\/em> rassemble un long essai autobiographique in\u00e9dit et une s\u00e9lection d&#8217;articles publi\u00e9s par Djamila Ribeiro sur le blog de la revue <em>CartaCapital<\/em>, entre 2014 et 2017. Dans le texte d&#8217;ouverture, la philosophe et militante revient sur les souvenirs de son enfance et de son adolescence pour discuter de ce qu&#8217;elle appelle le &#8220;silencement&#8221;, un processus d&#8217;effacement de la personnalit\u00e9 qu&#8217;elle a v\u00e9cu et qui est l&#8217;un des nombreux r\u00e9sultats pernicieux de la discrimination. Ce n&#8217;est qu&#8217;\u00e0 la fin de son adolescence, en travaillant \u00e0 la Maison de la Culture de la Femme Noire, que Djamila est entr\u00e9e en contact avec des autrices qui lui ont donn\u00e9 la fiert\u00e9 de ses racines et l&#8217;ont incit\u00e9e \u00e0 ne plus vouloir rester invisible. Depuis lors, le dialogue avec des autrices telles que Chimamanda Ngozi Adichie, bell hooks, Sueli Carneiro, Alice Walker, Toni Morrison et Concei\u00e7\u00e3o Evaristo est une constante.<\/p>\n<p>De nombreux textes r\u00e9agissent \u00e0 des situations du quotidien \u2013 l&#8217;augmentation de l&#8217;intol\u00e9rance envers les religions d&#8217;origine africaine ; les attaques contre des c\u00e9l\u00e9brit\u00e9s comme Maju Coutinho ou Serena Williams \u2013 \u00e0 partir desquelles Djamila d\u00e9cortique des concepts tels que l&#8217;autonomisation des femmes (empoderamento feminino) ou l&#8217;intersectionnalit\u00e9. Elle aborde \u00e9galement des th\u00e8mes comme les limites de la mobilisation sur les r\u00e9seaux sociaux, les politiques de quotas raciaux et les origines du f\u00e9minisme noir aux \u00c9tats-Unis et au Br\u00e9sil, en plus de discuter de l&#8217;\u0153uvre d&#8217;autrices de r\u00e9f\u00e9rence pour le f\u00e9minisme, telles que Simone de Beauvoir.<\/p>\n","protected":false},"featured_media":4834,"parent":0,"template":"","acf":[],"yoast_head":"<!-- This site is optimized with the Yoast SEO plugin v20.5 - https:\/\/yoast.com\/wordpress\/plugins\/seo\/ -->\n<title>Chroniques sur le F\u00e9misnisme Noir - Djamila Ribeiro<\/title>\n<meta name=\"robots\" content=\"index, follow, max-snippet:-1, max-image-preview:large, max-video-preview:-1\" \/>\n<link rel=\"canonical\" href=\"https:\/\/www.djamilaribeiro.com.br\/fr\/livro\/chroniques-sur-le-femisnisme-noir\/\" \/>\n<meta property=\"og:locale\" content=\"pt_BR\" \/>\n<meta property=\"og:type\" content=\"article\" \/>\n<meta property=\"og:title\" content=\"Chroniques sur le F\u00e9misnisme Noir - Djamila Ribeiro\" \/>\n<meta property=\"og:description\" content=\"Chroniques sur le F\u00e9minisme Noir rassemble un long essai autobiographique in\u00e9dit et une s\u00e9lection d&#8217;articles publi\u00e9s par Djamila Ribeiro sur le blog de la revue CartaCapital, entre 2014 et 2017. Dans le texte d&#8217;ouverture, la philosophe et militante revient sur les souvenirs de son enfance et de son adolescence pour discuter de ce qu&#8217;elle appelle [&hellip;]\" \/>\n<meta property=\"og:url\" content=\"https:\/\/www.djamilaribeiro.com.br\/fr\/livro\/chroniques-sur-le-femisnisme-noir\/\" \/>\n<meta property=\"og:site_name\" content=\"Djamila Ribeiro\" \/>\n<meta property=\"article:modified_time\" content=\"2025-12-24T20:38:59+00:00\" \/>\n<meta property=\"og:image\" content=\"https:\/\/www.djamilaribeiro.com.br\/wp-content\/uploads\/2023\/02\/Chroniques.png\" \/>\n\t<meta property=\"og:image:width\" content=\"696\" \/>\n\t<meta property=\"og:image:height\" content=\"692\" \/>\n\t<meta property=\"og:image:type\" content=\"image\/png\" \/>\n<meta name=\"twitter:card\" content=\"summary_large_image\" \/>\n<meta name=\"twitter:label1\" content=\"Est. tempo de leitura\" \/>\n\t<meta name=\"twitter:data1\" content=\"2 minutos\" \/>\n<script type=\"application\/ld+json\" class=\"yoast-schema-graph\">{\"@context\":\"https:\/\/schema.org\",\"@graph\":[{\"@type\":\"WebPage\",\"@id\":\"https:\/\/www.djamilaribeiro.com.br\/fr\/livro\/chroniques-sur-le-femisnisme-noir\/\",\"url\":\"https:\/\/www.djamilaribeiro.com.br\/fr\/livro\/chroniques-sur-le-femisnisme-noir\/\",\"name\":\"Chroniques sur le F\u00e9misnisme Noir - Djamila Ribeiro\",\"isPartOf\":{\"@id\":\"https:\/\/www.djamilaribeiro.com.br\/#website\"},\"datePublished\":\"2023-02-23T15:13:23+00:00\",\"dateModified\":\"2025-12-24T20:38:59+00:00\",\"breadcrumb\":{\"@id\":\"https:\/\/www.djamilaribeiro.com.br\/fr\/livro\/chroniques-sur-le-femisnisme-noir\/#breadcrumb\"},\"inLanguage\":\"pt-BR\",\"potentialAction\":[{\"@type\":\"ReadAction\",\"target\":[\"https:\/\/www.djamilaribeiro.com.br\/fr\/livro\/chroniques-sur-le-femisnisme-noir\/\"]}]},{\"@type\":\"BreadcrumbList\",\"@id\":\"https:\/\/www.djamilaribeiro.com.br\/fr\/livro\/chroniques-sur-le-femisnisme-noir\/#breadcrumb\",\"itemListElement\":[{\"@type\":\"ListItem\",\"position\":1,\"name\":\"In\u00edcio\",\"item\":\"https:\/\/www.djamilaribeiro.com.br\/fr\/\"},{\"@type\":\"ListItem\",\"position\":2,\"name\":\"Chroniques sur le F\u00e9misnisme Noir\"}]},{\"@type\":\"WebSite\",\"@id\":\"https:\/\/www.djamilaribeiro.com.br\/#website\",\"url\":\"https:\/\/www.djamilaribeiro.com.br\/\",\"name\":\"Djamila Ribeiro\",\"description\":\"\",\"potentialAction\":[{\"@type\":\"SearchAction\",\"target\":{\"@type\":\"EntryPoint\",\"urlTemplate\":\"https:\/\/www.djamilaribeiro.com.br\/?s={search_term_string}\"},\"query-input\":\"required name=search_term_string\"}],\"inLanguage\":\"pt-BR\"}]}<\/script>\n<!-- \/ Yoast SEO plugin. -->","yoast_head_json":{"title":"Chroniques sur le F\u00e9misnisme Noir - Djamila Ribeiro","robots":{"index":"index","follow":"follow","max-snippet":"max-snippet:-1","max-image-preview":"max-image-preview:large","max-video-preview":"max-video-preview:-1"},"canonical":"https:\/\/www.djamilaribeiro.com.br\/fr\/livro\/chroniques-sur-le-femisnisme-noir\/","og_locale":"pt_BR","og_type":"article","og_title":"Chroniques sur le F\u00e9misnisme Noir - Djamila Ribeiro","og_description":"Chroniques sur le F\u00e9minisme Noir rassemble un long essai autobiographique in\u00e9dit et une s\u00e9lection d&#8217;articles publi\u00e9s par Djamila Ribeiro sur le blog de la revue CartaCapital, entre 2014 et 2017. Dans le texte d&#8217;ouverture, la philosophe et militante revient sur les souvenirs de son enfance et de son adolescence pour discuter de ce qu&#8217;elle appelle [&hellip;]","og_url":"https:\/\/www.djamilaribeiro.com.br\/fr\/livro\/chroniques-sur-le-femisnisme-noir\/","og_site_name":"Djamila Ribeiro","article_modified_time":"2025-12-24T20:38:59+00:00","og_image":[{"width":696,"height":692,"url":"https:\/\/www.djamilaribeiro.com.br\/wp-content\/uploads\/2023\/02\/Chroniques.png","type":"image\/png"}],"twitter_card":"summary_large_image","twitter_misc":{"Est. tempo de leitura":"2 minutos"},"schema":{"@context":"https:\/\/schema.org","@graph":[{"@type":"WebPage","@id":"https:\/\/www.djamilaribeiro.com.br\/fr\/livro\/chroniques-sur-le-femisnisme-noir\/","url":"https:\/\/www.djamilaribeiro.com.br\/fr\/livro\/chroniques-sur-le-femisnisme-noir\/","name":"Chroniques sur le F\u00e9misnisme Noir - Djamila Ribeiro","isPartOf":{"@id":"https:\/\/www.djamilaribeiro.com.br\/#website"},"datePublished":"2023-02-23T15:13:23+00:00","dateModified":"2025-12-24T20:38:59+00:00","breadcrumb":{"@id":"https:\/\/www.djamilaribeiro.com.br\/fr\/livro\/chroniques-sur-le-femisnisme-noir\/#breadcrumb"},"inLanguage":"pt-BR","potentialAction":[{"@type":"ReadAction","target":["https:\/\/www.djamilaribeiro.com.br\/fr\/livro\/chroniques-sur-le-femisnisme-noir\/"]}]},{"@type":"BreadcrumbList","@id":"https:\/\/www.djamilaribeiro.com.br\/fr\/livro\/chroniques-sur-le-femisnisme-noir\/#breadcrumb","itemListElement":[{"@type":"ListItem","position":1,"name":"In\u00edcio","item":"https:\/\/www.djamilaribeiro.com.br\/fr\/"},{"@type":"ListItem","position":2,"name":"Chroniques sur le F\u00e9misnisme Noir"}]},{"@type":"WebSite","@id":"https:\/\/www.djamilaribeiro.com.br\/#website","url":"https:\/\/www.djamilaribeiro.com.br\/","name":"Djamila Ribeiro","description":"","potentialAction":[{"@type":"SearchAction","target":{"@type":"EntryPoint","urlTemplate":"https:\/\/www.djamilaribeiro.com.br\/?s={search_term_string}"},"query-input":"required name=search_term_string"}],"inLanguage":"pt-BR"}]}},"_links":{"self":[{"href":"https:\/\/www.djamilaribeiro.com.br\/fr\/wp-json\/wp\/v2\/rest_livros\/3682"}],"collection":[{"href":"https:\/\/www.djamilaribeiro.com.br\/fr\/wp-json\/wp\/v2\/rest_livros"}],"about":[{"href":"https:\/\/www.djamilaribeiro.com.br\/fr\/wp-json\/wp\/v2\/types\/livroscpt"}],"wp:featuredmedia":[{"embeddable":true,"href":"https:\/\/www.djamilaribeiro.com.br\/fr\/wp-json\/wp\/v2\/media\/4834"}],"wp:attachment":[{"href":"https:\/\/www.djamilaribeiro.com.br\/fr\/wp-json\/wp\/v2\/media?parent=3682"}],"curies":[{"name":"wp","href":"https:\/\/api.w.org\/{rel}","templated":true}]}}