{"id":5208,"date":"2026-03-01T22:30:38","date_gmt":"2026-03-02T01:30:38","guid":{"rendered":"https:\/\/www.djamilaribeiro.com.br\/?post_type=livroscpt&#038;p=5208"},"modified":"2026-03-01T22:31:17","modified_gmt":"2026-03-02T01:31:17","slug":"dialogue-transatlantique-perspectives-de-la-pensee-feministe-noire-et-des-diasporas-africaines","status":"publish","type":"livroscpt","link":"https:\/\/www.djamilaribeiro.com.br\/fr\/livro\/dialogue-transatlantique-perspectives-de-la-pensee-feministe-noire-et-des-diasporas-africaines\/","title":{"rendered":"Dialogue transatlantique: perspectives de la pens\u00e9e f\u00e9ministe noire et des diasporas africaines"},"content":{"rendered":"<p>Un Dialogue qui avait \u00e9t\u00e9 commenc\u00e9 avant l\u2019\u00e9pid\u00e9mie de covid, lors du dernier voyage en France de Djamila Ribeiro\u2026 Puis les conversations ont continu\u00e9 \u00e0 distance, tissant un v\u00e9ritable pont diasporique entre la France et le Br\u00e9sil.<\/p>\n","protected":false},"featured_media":5162,"parent":0,"template":"","acf":[],"yoast_head":"<!-- This site is optimized with the Yoast SEO plugin v20.5 - https:\/\/yoast.com\/wordpress\/plugins\/seo\/ -->\n<title>Dialogue transatlantique: perspectives de la pens\u00e9e f\u00e9ministe noire et des diasporas africaines - Djamila Ribeiro<\/title>\n<meta name=\"robots\" content=\"index, follow, max-snippet:-1, max-image-preview:large, max-video-preview:-1\" \/>\n<link rel=\"canonical\" href=\"https:\/\/www.djamilaribeiro.com.br\/fr\/livro\/dialogue-transatlantique-perspectives-de-la-pensee-feministe-noire-et-des-diasporas-africaines\/\" \/>\n<meta property=\"og:locale\" content=\"pt_BR\" \/>\n<meta property=\"og:type\" content=\"article\" \/>\n<meta property=\"og:title\" content=\"Dialogue transatlantique: perspectives de la pens\u00e9e f\u00e9ministe noire et des diasporas africaines - Djamila Ribeiro\" \/>\n<meta property=\"og:description\" content=\"Un Dialogue qui avait \u00e9t\u00e9 commenc\u00e9 avant l\u2019\u00e9pid\u00e9mie de covid, lors du dernier voyage en France de Djamila Ribeiro\u2026 Puis les conversations ont continu\u00e9 \u00e0 distance, tissant un v\u00e9ritable pont diasporique entre la France et le Br\u00e9sil.\" \/>\n<meta property=\"og:url\" content=\"https:\/\/www.djamilaribeiro.com.br\/fr\/livro\/dialogue-transatlantique-perspectives-de-la-pensee-feministe-noire-et-des-diasporas-africaines\/\" \/>\n<meta property=\"og:site_name\" content=\"Djamila Ribeiro\" \/>\n<meta property=\"article:modified_time\" content=\"2026-03-02T01:31:17+00:00\" \/>\n<meta property=\"og:image\" content=\"https:\/\/www.djamilaribeiro.com.br\/wp-content\/uploads\/2026\/02\/Djamila-e-Nadia.jpg\" \/>\n\t<meta property=\"og:image:width\" content=\"800\" \/>\n\t<meta property=\"og:image:height\" content=\"450\" \/>\n\t<meta property=\"og:image:type\" content=\"image\/jpeg\" \/>\n<meta name=\"twitter:card\" content=\"summary_large_image\" \/>\n<meta name=\"twitter:label1\" content=\"Est. tempo de leitura\" \/>\n\t<meta name=\"twitter:data1\" content=\"1 minuto\" \/>\n<script type=\"application\/ld+json\" class=\"yoast-schema-graph\">{\"@context\":\"https:\/\/schema.org\",\"@graph\":[{\"@type\":\"WebPage\",\"@id\":\"https:\/\/www.djamilaribeiro.com.br\/fr\/livro\/dialogue-transatlantique-perspectives-de-la-pensee-feministe-noire-et-des-diasporas-africaines\/\",\"url\":\"https:\/\/www.djamilaribeiro.com.br\/fr\/livro\/dialogue-transatlantique-perspectives-de-la-pensee-feministe-noire-et-des-diasporas-africaines\/\",\"name\":\"Dialogue transatlantique: perspectives de la pens\u00e9e f\u00e9ministe noire et des diasporas africaines - Djamila Ribeiro\",\"isPartOf\":{\"@id\":\"https:\/\/www.djamilaribeiro.com.br\/#website\"},\"datePublished\":\"2026-03-02T01:30:38+00:00\",\"dateModified\":\"2026-03-02T01:31:17+00:00\",\"breadcrumb\":{\"@id\":\"https:\/\/www.djamilaribeiro.com.br\/fr\/livro\/dialogue-transatlantique-perspectives-de-la-pensee-feministe-noire-et-des-diasporas-africaines\/#breadcrumb\"},\"inLanguage\":\"pt-BR\",\"potentialAction\":[{\"@type\":\"ReadAction\",\"target\":[\"https:\/\/www.djamilaribeiro.com.br\/fr\/livro\/dialogue-transatlantique-perspectives-de-la-pensee-feministe-noire-et-des-diasporas-africaines\/\"]}]},{\"@type\":\"BreadcrumbList\",\"@id\":\"https:\/\/www.djamilaribeiro.com.br\/fr\/livro\/dialogue-transatlantique-perspectives-de-la-pensee-feministe-noire-et-des-diasporas-africaines\/#breadcrumb\",\"itemListElement\":[{\"@type\":\"ListItem\",\"position\":1,\"name\":\"In\u00edcio\",\"item\":\"https:\/\/www.djamilaribeiro.com.br\/fr\/\"},{\"@type\":\"ListItem\",\"position\":2,\"name\":\"Dialogue transatlantique: perspectives de la pens\u00e9e f\u00e9ministe noire et des diasporas africaines\"}]},{\"@type\":\"WebSite\",\"@id\":\"https:\/\/www.djamilaribeiro.com.br\/#website\",\"url\":\"https:\/\/www.djamilaribeiro.com.br\/\",\"name\":\"Djamila Ribeiro\",\"description\":\"\",\"potentialAction\":[{\"@type\":\"SearchAction\",\"target\":{\"@type\":\"EntryPoint\",\"urlTemplate\":\"https:\/\/www.djamilaribeiro.com.br\/?s={search_term_string}\"},\"query-input\":\"required name=search_term_string\"}],\"inLanguage\":\"pt-BR\"}]}<\/script>\n<!-- \/ Yoast SEO plugin. -->","yoast_head_json":{"title":"Dialogue transatlantique: perspectives de la pens\u00e9e f\u00e9ministe noire et des diasporas africaines - Djamila Ribeiro","robots":{"index":"index","follow":"follow","max-snippet":"max-snippet:-1","max-image-preview":"max-image-preview:large","max-video-preview":"max-video-preview:-1"},"canonical":"https:\/\/www.djamilaribeiro.com.br\/fr\/livro\/dialogue-transatlantique-perspectives-de-la-pensee-feministe-noire-et-des-diasporas-africaines\/","og_locale":"pt_BR","og_type":"article","og_title":"Dialogue transatlantique: perspectives de la pens\u00e9e f\u00e9ministe noire et des diasporas africaines - Djamila Ribeiro","og_description":"Un Dialogue qui avait \u00e9t\u00e9 commenc\u00e9 avant l\u2019\u00e9pid\u00e9mie de covid, lors du dernier voyage en France de Djamila Ribeiro\u2026 Puis les conversations ont continu\u00e9 \u00e0 distance, tissant un v\u00e9ritable pont diasporique entre la France et le Br\u00e9sil.","og_url":"https:\/\/www.djamilaribeiro.com.br\/fr\/livro\/dialogue-transatlantique-perspectives-de-la-pensee-feministe-noire-et-des-diasporas-africaines\/","og_site_name":"Djamila Ribeiro","article_modified_time":"2026-03-02T01:31:17+00:00","og_image":[{"width":800,"height":450,"url":"https:\/\/www.djamilaribeiro.com.br\/wp-content\/uploads\/2026\/02\/Djamila-e-Nadia.jpg","type":"image\/jpeg"}],"twitter_card":"summary_large_image","twitter_misc":{"Est. tempo de leitura":"1 minuto"},"schema":{"@context":"https:\/\/schema.org","@graph":[{"@type":"WebPage","@id":"https:\/\/www.djamilaribeiro.com.br\/fr\/livro\/dialogue-transatlantique-perspectives-de-la-pensee-feministe-noire-et-des-diasporas-africaines\/","url":"https:\/\/www.djamilaribeiro.com.br\/fr\/livro\/dialogue-transatlantique-perspectives-de-la-pensee-feministe-noire-et-des-diasporas-africaines\/","name":"Dialogue transatlantique: perspectives de la pens\u00e9e f\u00e9ministe noire et des diasporas africaines - Djamila Ribeiro","isPartOf":{"@id":"https:\/\/www.djamilaribeiro.com.br\/#website"},"datePublished":"2026-03-02T01:30:38+00:00","dateModified":"2026-03-02T01:31:17+00:00","breadcrumb":{"@id":"https:\/\/www.djamilaribeiro.com.br\/fr\/livro\/dialogue-transatlantique-perspectives-de-la-pensee-feministe-noire-et-des-diasporas-africaines\/#breadcrumb"},"inLanguage":"pt-BR","potentialAction":[{"@type":"ReadAction","target":["https:\/\/www.djamilaribeiro.com.br\/fr\/livro\/dialogue-transatlantique-perspectives-de-la-pensee-feministe-noire-et-des-diasporas-africaines\/"]}]},{"@type":"BreadcrumbList","@id":"https:\/\/www.djamilaribeiro.com.br\/fr\/livro\/dialogue-transatlantique-perspectives-de-la-pensee-feministe-noire-et-des-diasporas-africaines\/#breadcrumb","itemListElement":[{"@type":"ListItem","position":1,"name":"In\u00edcio","item":"https:\/\/www.djamilaribeiro.com.br\/fr\/"},{"@type":"ListItem","position":2,"name":"Dialogue transatlantique: perspectives de la pens\u00e9e f\u00e9ministe noire et des diasporas africaines"}]},{"@type":"WebSite","@id":"https:\/\/www.djamilaribeiro.com.br\/#website","url":"https:\/\/www.djamilaribeiro.com.br\/","name":"Djamila Ribeiro","description":"","potentialAction":[{"@type":"SearchAction","target":{"@type":"EntryPoint","urlTemplate":"https:\/\/www.djamilaribeiro.com.br\/?s={search_term_string}"},"query-input":"required name=search_term_string"}],"inLanguage":"pt-BR"}]}},"_links":{"self":[{"href":"https:\/\/www.djamilaribeiro.com.br\/fr\/wp-json\/wp\/v2\/rest_livros\/5208"}],"collection":[{"href":"https:\/\/www.djamilaribeiro.com.br\/fr\/wp-json\/wp\/v2\/rest_livros"}],"about":[{"href":"https:\/\/www.djamilaribeiro.com.br\/fr\/wp-json\/wp\/v2\/types\/livroscpt"}],"wp:featuredmedia":[{"embeddable":true,"href":"https:\/\/www.djamilaribeiro.com.br\/fr\/wp-json\/wp\/v2\/media\/5162"}],"wp:attachment":[{"href":"https:\/\/www.djamilaribeiro.com.br\/fr\/wp-json\/wp\/v2\/media?parent=5208"}],"curies":[{"name":"wp","href":"https:\/\/api.w.org\/{rel}","templated":true}]}}